{"id":1232,"date":"2021-09-15T11:21:43","date_gmt":"2021-09-15T11:21:43","guid":{"rendered":"http:\/\/afafloresta.org\/?page_id=1232"},"modified":"2021-09-25T11:10:56","modified_gmt":"2021-09-25T11:10:56","slug":"quotes-2","status":"publish","type":"page","link":"https:\/\/afafloresta.org\/index.php\/comissions-2\/quotes-2\/","title":{"rendered":"QUOTES"},"content":{"rendered":"\n<p><\/p>\n\n\n\n<p>Sabeu que les <strong>quotes escolars s\u00f3n volunt\u00e0ries<\/strong>? \u00c9s a dir, que no hi ha cap obligatorietat de satisfer aquesta despesa. A l&#8217;Estat espanyol les despeses de funcionament de centre les ha d&#8217;assumir l&#8217;administraci\u00f3.<br><\/p>\n\n\n\n<p>A la pr\u00e0ctica, aix\u00f2 no \u00e9s aix\u00ed. Des de la crisi de 2007 l&#8217;educaci\u00f3 p\u00fablica hi ha sofert <strong>grans retallades <\/strong>i els <strong>centres p\u00fablics han compensat<\/strong> aquesta manca de recursos <strong>amb quotes que paguem<\/strong> les fam\u00edlies.<\/p>\n\n\n\n<p>Entenem que com a fam\u00edlies volem la millor educaci\u00f3 pels nostres fills i les nostres filles. Que estem disposades a fer esfor\u00e7os per garantir la seva educaci\u00f3. Per\u00f2 que el 60-70% del pressupost de l\u2019escola depengui de la contribuci\u00f3 volunt\u00e0ria de les fam\u00edlies \u00e9s m\u00e9s que un esfor\u00e7.<br><\/p>\n\n\n\n<p>Amb <strong>cada quota satisfeta<\/strong> estem perdent un dret b\u00e0sic fonamental que <strong>fa perillar l&#8217;educaci\u00f3 de totes<\/strong> i m\u00e9s r\u00e0pidament la d&#8217;aquells m\u00e9s vulnerables.<br><\/p>\n\n\n\n<p><strong>Aquesta comissi\u00f3<\/strong> pret\u00e9n <strong>reduir <\/strong>les <strong>despeses <\/strong>de centre debatent amb direcci\u00f3,\u00a0 i posar sobre la taula el <strong>debat a la resta de centres p\u00fablics<\/strong> del municipi. Tot aix\u00f2 <strong>perqu\u00e8 l\u2019educaci\u00f3 p\u00fablica, universal i gratu\u00efta real sigui possible<\/strong>.<\/p>\n\n\n\n<p>\ud83d\udc47\ud83c\udffd Un estudi detallat que mostra, amb dades, la contribuci\u00f3 de les fam\u00edlies al sistema d\u2019educaci\u00f3 p\u00fablica a Catalunya:<\/p>\n\n\n\n<p><\/p>\n\n\n\n<figure class=\"wp-block-image size-large\"><a href=\"https:\/\/affac.cat\/wp-content\/uploads\/2019\/11\/Estudi-FaPaC-2019_La-contribuci%C3%B3-econ%C3%B2mica-de-les-fam%C3%ADlies-al-sistema-educatiu-p%C3%BAblic-catal%C3%A0.pdf\"><img loading=\"lazy\" decoding=\"async\" width=\"400\" height=\"401\" src=\"https:\/\/afafloresta.org\/wp-content\/uploads\/2021\/09\/quotes1.jpg\" alt=\"\" class=\"wp-image-1235\" srcset=\"https:\/\/afafloresta.org\/wp-content\/uploads\/2021\/09\/quotes1.jpg 400w, https:\/\/afafloresta.org\/wp-content\/uploads\/2021\/09\/quotes1-300x300.jpg 300w, https:\/\/afafloresta.org\/wp-content\/uploads\/2021\/09\/quotes1-150x150.jpg 150w\" sizes=\"auto, (max-width: 400px) 100vw, 400px\" \/><\/a><\/figure>\n\n\n\n<p>Pots contactar amb nosaltres a:<\/p>\n\n\n\n<p>quotes@afafloresta.org<br><\/p>\n","protected":false},"excerpt":{"rendered":"<p>Sabeu que les quotes escolars s\u00f3n volunt\u00e0ries? \u00c9s a dir, que no hi ha cap obligatorietat de satisfer aquesta despesa. A l&#8217;Estat espanyol les despeses de funcionament de centre les ha d&#8217;assumir l&#8217;administraci\u00f3. A la pr\u00e0ctica, aix\u00f2 no \u00e9s aix\u00ed. [&hellip;]<\/p>\n","protected":false},"author":1,"featured_media":0,"parent":1084,"menu_order":0,"comment_status":"closed","ping_status":"closed","template":"","meta":{"footnotes":""},"class_list":["post-1232","page","type-page","status-publish","hentry"],"_links":{"self":[{"href":"https:\/\/afafloresta.org\/index.php\/wp-json\/wp\/v2\/pages\/1232","targetHints":{"allow":["GET"]}}],"collection":[{"href":"https:\/\/afafloresta.org\/index.php\/wp-json\/wp\/v2\/pages"}],"about":[{"href":"https:\/\/afafloresta.org\/index.php\/wp-json\/wp\/v2\/types\/page"}],"author":[{"embeddable":true,"href":"https:\/\/afafloresta.org\/index.php\/wp-json\/wp\/v2\/users\/1"}],"replies":[{"embeddable":true,"href":"https:\/\/afafloresta.org\/index.php\/wp-json\/wp\/v2\/comments?post=1232"}],"version-history":[{"count":4,"href":"https:\/\/afafloresta.org\/index.php\/wp-json\/wp\/v2\/pages\/1232\/revisions"}],"predecessor-version":[{"id":1273,"href":"https:\/\/afafloresta.org\/index.php\/wp-json\/wp\/v2\/pages\/1232\/revisions\/1273"}],"up":[{"embeddable":true,"href":"https:\/\/afafloresta.org\/index.php\/wp-json\/wp\/v2\/pages\/1084"}],"wp:attachment":[{"href":"https:\/\/afafloresta.org\/index.php\/wp-json\/wp\/v2\/media?parent=1232"}],"curies":[{"name":"wp","href":"https:\/\/api.w.org\/{rel}","templated":true}]}}